{"id":9074,"date":"2024-02-01T16:08:02","date_gmt":"2024-02-01T16:08:02","guid":{"rendered":"https:\/\/modra.si\/organi-upravljanja\/uprava-modre-zavarovalnice\/"},"modified":"2026-03-10T09:04:37","modified_gmt":"2026-03-10T09:04:37","slug":"about-the-board-members","status":"publish","type":"page","link":"https:\/\/modra.si\/en\/about-us\/management-bodies\/about-the-board-members\/","title":{"rendered":"About the board members"},"content":{"rendered":"\n<div class=\"wp-block-columns is-layout-flex wp-container-core-columns-is-layout-8f761849 wp-block-columns-is-layout-flex\">\n<div class=\"wp-block-column is-layout-flow wp-block-column-is-layout-flow\" style=\"flex-basis:33.33%\">\n<figure class=\"wp-block-image size-full is-resized\"><img loading=\"lazy\" decoding=\"async\" width=\"543\" height=\"863\" src=\"https:\/\/modra.si\/wp-content\/uploads\/2024\/02\/Matej-Golob-Matzele-1.jpg\" alt=\"\" class=\"wp-image-806\" style=\"width:277px;height:auto\" srcset=\"https:\/\/modra.si\/wp-content\/uploads\/2024\/02\/Matej-Golob-Matzele-1.jpg 543w, https:\/\/modra.si\/wp-content\/uploads\/2024\/02\/Matej-Golob-Matzele-1-189x300.jpg 189w\" sizes=\"auto, (max-width: 543px) 100vw, 543px\" \/><\/figure>\n<\/div>\n\n\n\n<div class=\"wp-block-column is-layout-flow wp-block-column-is-layout-flow\" style=\"flex-basis:66.66%\">\n<h2 class=\"wp-block-heading\"><strong>Matej Golob Matzele<\/strong><\/h2>\n\n\n\n<h3 class=\"wp-block-heading\"><strong>Predsednik uprave<\/strong><\/h3>\n\n\n\n<p class=\"wp-block-paragraph\">Matej Golob Matzele ima ve\u010d kot petindvajset let izku\u0161enj v finan\u010dnem sektorju, od tega ve\u010d kot dvajset let na razli\u010dnih vodstvenih polo\u017eajih na podro\u010djih ban\u010dni\u0161tva, zavarovalni\u0161tva, upravljanja premo\u017eenja in prestrukturiranja. Svojo poklicno pot je za\u010del \u017ee med \u0161tudijem, kot borzni posrednik v borznoposredni\u0161ki dru\u017ebi Bema.<br><br>Leta 1996 je zaklju\u010dil \u0161tudij ban\u010dno-finan\u010dne smeri na Ekonomski fakulteti Univerze v Ljubljani in pridobil naziv univerzitetni diplomirani ekonomist. Med letoma 1997 in 2004 je bil zaposlen v banki Bank Austria Creditanstalt, kjer ga je poklicna pot vodila od polo\u017eaja borznega posrednika do vodje oddelka vrednostnih papirjev, vodje divizije globalnih storitev z vrednostnimi papirji, vodje divizije upravljanja premo\u017eenja in trgovanja z vrednostnimi papirji ter prokurista banke.<br><br>V obdobju 2004 \u2013 2006 je bil zaposlen na Kapitalski dru\u017ebi, kjer je vodil oddelek za upravljanje kapitalskih nalo\u017eb. Med letoma 2006 in 2009 je bil direktor dru\u017ebe Poteza nalo\u017ebe. Leta 2009 se je vrnil v Skupino Kapitalska dru\u017eba, kjer je v PDP, posebni dru\u017ebi za podjetni\u0161ko svetovanje, opravljal funkcijo izvr\u0161nega direktorja ter bil \u010dlan upravnega odbora. Septembra 2012 se je pridru\u017eil banki Abanka Vipa kot izvr\u0161ni direktor podro\u010dja za poslovanje s pravnimi osebami. Po zdru\u017eitvi z Banko Celje, je bil v zdru\u017eeni Abanki od decembra 2015 \u010dlan uprave, pristojen za komercialna podro\u010dja, razvoj in marketing ter digitalizacijo.<br><br>Po prevzemu Abanke s strani Nove KBM v septembru 2020, je bil do aprila 2021 prokurist banke, pristojen za digitalizacijo. Maja 2021 se je kot pomo\u010dnik direktorja zaposlil v dru\u017ebi Triglav svetovanje, kjer je od septembra 2021 opravljal funkcijo direktorja dru\u017ebe. Od maja 2023 dalje je predsednik uprave Modre zavarovalnice, odgovoren za podro\u010dja upravljanje premo\u017eenja, planiranja in kontrolinga, pravnih in kadrovskih zadev ter skladnosti poslovanja in prepre\u010devanja pranja denarja in financiranja terorizma.<br><br>Delovne izku\u0161nje je nabiral tudi s \u010dlanstvom in predsedovanjem v nadzornih svetih dru\u017eb v Sloveniji in tujini, je \u010dlan Zdru\u017eenja manager ter \u010dlan Zdru\u017eenja nadzornikov Slovenije.<\/p>\n<\/div>\n<\/div>\n\n\n\n<div style=\"height:10px\" aria-hidden=\"true\" class=\"wp-block-spacer\"><\/div>\n\n\n\n<div class=\"wp-block-columns is-layout-flex wp-container-core-columns-is-layout-8f761849 wp-block-columns-is-layout-flex\">\n<div class=\"wp-block-column is-layout-flow wp-block-column-is-layout-flow\" style=\"flex-basis:33.33%\">\n<figure class=\"wp-block-image size-full is-resized\"><img loading=\"lazy\" decoding=\"async\" width=\"543\" height=\"863\" src=\"https:\/\/modra.si\/wp-content\/uploads\/2024\/02\/Matija-Debelak.jpg\" alt=\"\" class=\"wp-image-808\" style=\"width:277px;height:auto\" srcset=\"https:\/\/modra.si\/wp-content\/uploads\/2024\/02\/Matija-Debelak.jpg 543w, https:\/\/modra.si\/wp-content\/uploads\/2024\/02\/Matija-Debelak-189x300.jpg 189w\" sizes=\"auto, (max-width: 543px) 100vw, 543px\" \/><\/figure>\n<\/div>\n\n\n\n<div class=\"wp-block-column is-layout-flow wp-block-column-is-layout-flow\" style=\"flex-basis:66.66%\">\n<h2 class=\"wp-block-heading\"><strong>mag. Matija Debelak<\/strong><\/h2>\n\n\n\n<h3 class=\"wp-block-heading\"><strong>\u010clan uprave<\/strong><\/h3>\n\n\n\n<p class=\"wp-block-paragraph\">Po zaklju\u010denem dodiplomskem \u0161tudiju na Fakulteti za ra\u010dunalni\u0161tvo in informatiko Univerze v Ljubljani, je v letu 2002 na Ekonomski fakulteti Univerze v Ljubljani kon\u010dal magistrski \u0161tudij informacijsko-upravljavskih ved.<br><br>Njegova prva zaposlitev sega v leto 1997 na delovnem mestu svetovalec za informacijsko tehnologijo, odgovoren za vzpostavitev informacijske podpore upravljanju premo\u017eenja v Kapitalskem skladu (Kapitalska dru\u017eba). V letu 2001 je napredoval v pomo\u010dnika direktorja oddelka za informatiko in komunikacije, v za\u010detku leta 2005 pa na mesto direktorja oddelka za informatiko in komunikacije.<br><br>V tem \u010dasu je pridobil certifikat za vodjo projektov in sodeloval v \u0161tevilnih poslovno pomembnih projektih; vzpostavitev Prvega pokojninskega sklada RS (PPS), uvajanje informacijske podpore vzajemnim pokojninskim skladom in Kritnemu skladu PPS ter vzpostavitev tehni\u010dne podpore pokojninskemu skladu za javne uslu\u017ebence. V letu 2007 je v dru\u017ebi Poteza Skupina prevzel mesto izvr\u0161nega direktorja za podro\u010dje informatike in bil odgovoren za informacijsko podporo sedmih dru\u017eb v skupini Poteza ter vodja poslovno-informacijskih projektov za skupino. Februarja 2010 se je ponovno zaposlil v Kapitalski dru\u017ebi na mestu vodje slu\u017ebe za informatiko in komunikacije ter vodil projekt preoblikovanje Kapitalske dru\u017ebe.<br><br>Od oktobra 2011 je \u010dlan uprave Modre zavarovalnice, odgovoren za podro\u010dja informatike in upravljanja procesov, ra\u010dunovodstva in podpore poslovanju, notranje revizije in varstva osebnih podatkov ter splo\u0161nih zadev.<\/p>\n<\/div>\n<\/div>\n\n\n\n<div style=\"height:10px\" aria-hidden=\"true\" class=\"wp-block-spacer\"><\/div>\n\n\n\n<div class=\"wp-block-columns is-layout-flex wp-container-core-columns-is-layout-8f761849 wp-block-columns-is-layout-flex\">\n<div class=\"wp-block-column is-layout-flow wp-block-column-is-layout-flow\" style=\"flex-basis:33.33%\">\n<figure class=\"wp-block-image size-full is-resized\"><img loading=\"lazy\" decoding=\"async\" width=\"543\" height=\"863\" src=\"https:\/\/modra.si\/wp-content\/uploads\/2024\/02\/Bostjan-Vovk.jpg\" alt=\"\" class=\"wp-image-809\" style=\"width:277px;height:auto\" srcset=\"https:\/\/modra.si\/wp-content\/uploads\/2024\/02\/Bostjan-Vovk.jpg 543w, https:\/\/modra.si\/wp-content\/uploads\/2024\/02\/Bostjan-Vovk-189x300.jpg 189w\" sizes=\"auto, (max-width: 543px) 100vw, 543px\" \/><\/figure>\n<\/div>\n\n\n\n<div class=\"wp-block-column is-layout-flow wp-block-column-is-layout-flow\" style=\"flex-basis:66.66%\">\n<h2 class=\"wp-block-heading\"><strong>Bo\u0161tjan Vovk<\/strong><\/h2>\n\n\n\n<h3 class=\"wp-block-heading\"><strong>\u010clan uprave<\/strong><\/h3>\n\n\n\n<p class=\"wp-block-paragraph\">Po zaklju\u010denem \u0161tudiju na Fakulteti za ra\u010dunalni\u0161tvo Univerze v Ljubljani je svojo karierno pot za\u010del kot mladi raziskovalec v Laboratoriju za umetno inteligenco in jo nadaljeval na podro\u010dju borznega posredovanja ter je prvi avtor programske opreme za spremljanje poslovanja z vrednostnimi papirji v Sloveniji.<br><br>Po uspe\u0161no opravljenem podiplomskem \u0161tudiju aktuarstva in podeljenem pooblastilu za opravljanje poslov poobla\u0161\u010denega aktuarja, je nato opravljal dela poobla\u0161\u010denega aktuarja, svetovalnega aktuarja in \u010dlana revizijskih ekip pri rednih revizijah, vrednotenjih zavarovalnic in drugih projektih v regiji. Sodeloval je pri vzpostavljanju pokojninskih skladov, deloval kot partner in pomo\u010dnik direktorja v podjetju za zavarovalno posredovanje, kot poobla\u0161\u010denec uprave Zavarovalnice Triglav, zadol\u017een za podro\u010dje osebnih zavarovanj v Skupini Triglav, in \u010dlan uprave h\u010derinske dru\u017ebe.<br><br>Pridobil si je 20 let izku\u0161enj na podro\u010dju zavarovalni\u0161tva, tako v strokovnih kot poslovodnih vlogah. V letu 2015 se je pridru\u017eil Agenciji za zavarovalni nadzor in bil kot vodja sektorja za nadzor in namestnik direktorja odgovoren za izvajanje nadzora nad poslovanjem zavarovalnic, zavarovalni\u0161kih skupin in podru\u017enic, pokojninskih dru\u017eb ter drugih subjektov pod pristojnostjo agencije. Aktivno je sodeloval v projektu uvedbe direktive Solventnost II na slovenski zavarovalni trg, pripravi predlogov sprememb zakona o zavarovalni\u0161tvu in podzakonskih predpisov ter, kot \u010dlan odborov in delovnih teles mednarodnega zdru\u017eenja zavarovalnih nadzornikov (IAIS), pri pisanju strokovnih gradiv.<br><br>Od oktobra 2018 je \u010dlan uprave Modre zavarovalnice, odgovoren za podro\u010dja upravljanja s tveganji, razvoja in prodaje zavarovanj ter aktuarstva. Je \u010dlan upravnega odbora evropskega zdru\u017eenja pokojninskih skladov javnega sektorja EAPSPI (European Association of Public Sector Pension Institutions).<\/p>\n<\/div>\n<\/div>\n","protected":false},"excerpt":{"rendered":"<p>Matej Golob Matzele Predsednik uprave Matej Golob Matzele ima ve\u010d kot petindvajset let izku\u0161enj v finan\u010dnem sektorju, od tega ve\u010d kot dvajset let na razli\u010dnih vodstvenih polo\u017eajih na podro\u010djih ban\u010dni\u0161tva, zavarovalni\u0161tva, upravljanja premo\u017eenja in prestrukturiranja. Svojo poklicno pot je za\u010del \u017ee med \u0161tudijem, kot borzni posrednik v borznoposredni\u0161ki dru\u017ebi Bema. Leta 1996 je zaklju\u010dil \u0161tudij [&hellip;]<\/p>\n","protected":false},"author":2,"featured_media":0,"parent":9072,"menu_order":0,"comment_status":"closed","ping_status":"closed","template":"","meta":{"_acf_changed":false,"_crdt_document":"","inline_featured_image":false,"footnotes":""},"class_list":["post-9074","page","type-page","status-publish","hentry"],"acf":[],"yoast_head":"<!-- This site is optimized with the Yoast SEO plugin v27.4 - https:\/\/yoast.com\/product\/yoast-seo-wordpress\/ -->\n<title>Uprava Modre zavarovalnice - Modra zavarovalnica, d.d.<\/title>\n<meta name=\"description\" content=\"Spoznajte \u010dlane uprave Modre zavarovalnice.\" \/>\n<meta name=\"robots\" content=\"index, follow, max-snippet:-1, max-image-preview:large, max-video-preview:-1\" \/>\n<link rel=\"canonical\" href=\"https:\/\/modra.si\/en\/about-us\/management-bodies\/about-the-board-members\/\" \/>\n<meta property=\"og:locale\" content=\"en_US\" \/>\n<meta property=\"og:type\" content=\"article\" \/>\n<meta property=\"og:title\" content=\"Uprava Modre zavarovalnice - Modra zavarovalnica, d.d.\" \/>\n<meta property=\"og:description\" content=\"Spoznajte \u010dlane uprave Modre zavarovalnice.\" \/>\n<meta property=\"og:url\" content=\"https:\/\/modra.si\/en\/about-us\/management-bodies\/about-the-board-members\/\" \/>\n<meta property=\"og:site_name\" content=\"Modra zavarovalnica\" \/>\n<meta property=\"article:modified_time\" content=\"2026-03-10T09:04:37+00:00\" \/>\n<meta property=\"og:image\" content=\"https:\/\/modra.si\/wp-content\/uploads\/2026\/02\/Novice.jpg\" \/>\n<meta name=\"twitter:card\" content=\"summary_large_image\" \/>\n<meta name=\"twitter:label1\" content=\"Est. reading time\" \/>\n\t<meta name=\"twitter:data1\" content=\"5 minutes\" \/>\n<script type=\"application\/ld+json\" class=\"yoast-schema-graph\">{\"@context\":\"https:\\\/\\\/schema.org\",\"@graph\":[{\"@type\":\"WebPage\",\"@id\":\"https:\\\/\\\/modra.si\\\/en\\\/about-us\\\/management-bodies\\\/about-the-board-members\\\/\",\"url\":\"https:\\\/\\\/modra.si\\\/en\\\/about-us\\\/management-bodies\\\/about-the-board-members\\\/\",\"name\":\"Uprava Modre zavarovalnice - Modra zavarovalnica, d.d.\",\"isPartOf\":{\"@id\":\"https:\\\/\\\/modra.si\\\/en\\\/#website\"},\"primaryImageOfPage\":{\"@id\":\"https:\\\/\\\/modra.si\\\/en\\\/about-us\\\/management-bodies\\\/about-the-board-members\\\/#primaryimage\"},\"image\":{\"@id\":\"https:\\\/\\\/modra.si\\\/en\\\/about-us\\\/management-bodies\\\/about-the-board-members\\\/#primaryimage\"},\"thumbnailUrl\":\"https:\\\/\\\/modra.si\\\/wp-content\\\/uploads\\\/2024\\\/02\\\/Matej-Golob-Matzele-1.jpg\",\"datePublished\":\"2024-02-01T16:08:02+00:00\",\"dateModified\":\"2026-03-10T09:04:37+00:00\",\"description\":\"Spoznajte \u010dlane uprave Modre zavarovalnice.\",\"breadcrumb\":{\"@id\":\"https:\\\/\\\/modra.si\\\/en\\\/about-us\\\/management-bodies\\\/about-the-board-members\\\/#breadcrumb\"},\"inLanguage\":\"en-US\",\"potentialAction\":[{\"@type\":\"ReadAction\",\"target\":[\"https:\\\/\\\/modra.si\\\/en\\\/about-us\\\/management-bodies\\\/about-the-board-members\\\/\"]}]},{\"@type\":\"ImageObject\",\"inLanguage\":\"en-US\",\"@id\":\"https:\\\/\\\/modra.si\\\/en\\\/about-us\\\/management-bodies\\\/about-the-board-members\\\/#primaryimage\",\"url\":\"https:\\\/\\\/modra.si\\\/wp-content\\\/uploads\\\/2024\\\/02\\\/Matej-Golob-Matzele-1.jpg\",\"contentUrl\":\"https:\\\/\\\/modra.si\\\/wp-content\\\/uploads\\\/2024\\\/02\\\/Matej-Golob-Matzele-1.jpg\"},{\"@type\":\"BreadcrumbList\",\"@id\":\"https:\\\/\\\/modra.si\\\/en\\\/about-us\\\/management-bodies\\\/about-the-board-members\\\/#breadcrumb\",\"itemListElement\":[{\"@type\":\"ListItem\",\"position\":1,\"name\":\"Home\",\"item\":\"https:\\\/\\\/modra.si\\\/en\\\/\"},{\"@type\":\"ListItem\",\"position\":2,\"name\":\"About us\",\"item\":\"https:\\\/\\\/modra.si\\\/en\\\/about-us\\\/\"},{\"@type\":\"ListItem\",\"position\":3,\"name\":\"Management bodies\",\"item\":\"https:\\\/\\\/modra.si\\\/en\\\/about-us\\\/management-bodies\\\/\"},{\"@type\":\"ListItem\",\"position\":4,\"name\":\"About the board members\"}]},{\"@type\":\"WebSite\",\"@id\":\"https:\\\/\\\/modra.si\\\/en\\\/#website\",\"url\":\"https:\\\/\\\/modra.si\\\/en\\\/\",\"name\":\"Modra zavarovalnica\",\"description\":\"Dobrodo\u0161li!\",\"potentialAction\":[{\"@type\":\"SearchAction\",\"target\":{\"@type\":\"EntryPoint\",\"urlTemplate\":\"https:\\\/\\\/modra.si\\\/en\\\/?s={search_term_string}\"},\"query-input\":{\"@type\":\"PropertyValueSpecification\",\"valueRequired\":true,\"valueName\":\"search_term_string\"}}],\"inLanguage\":\"en-US\"}]}<\/script>\n<!-- \/ Yoast SEO plugin. -->","yoast_head_json":{"title":"Uprava Modre zavarovalnice - Modra zavarovalnica, d.d.","description":"Spoznajte \u010dlane uprave Modre zavarovalnice.","robots":{"index":"index","follow":"follow","max-snippet":"max-snippet:-1","max-image-preview":"max-image-preview:large","max-video-preview":"max-video-preview:-1"},"canonical":"https:\/\/modra.si\/en\/about-us\/management-bodies\/about-the-board-members\/","og_locale":"en_US","og_type":"article","og_title":"Uprava Modre zavarovalnice - Modra zavarovalnica, d.d.","og_description":"Spoznajte \u010dlane uprave Modre zavarovalnice.","og_url":"https:\/\/modra.si\/en\/about-us\/management-bodies\/about-the-board-members\/","og_site_name":"Modra zavarovalnica","article_modified_time":"2026-03-10T09:04:37+00:00","og_image":[{"url":"https:\/\/modra.si\/wp-content\/uploads\/2026\/02\/Novice.jpg","type":"","width":"","height":""}],"twitter_card":"summary_large_image","twitter_misc":{"Est. reading time":"5 minutes"},"schema":{"@context":"https:\/\/schema.org","@graph":[{"@type":"WebPage","@id":"https:\/\/modra.si\/en\/about-us\/management-bodies\/about-the-board-members\/","url":"https:\/\/modra.si\/en\/about-us\/management-bodies\/about-the-board-members\/","name":"Uprava Modre zavarovalnice - Modra zavarovalnica, d.d.","isPartOf":{"@id":"https:\/\/modra.si\/en\/#website"},"primaryImageOfPage":{"@id":"https:\/\/modra.si\/en\/about-us\/management-bodies\/about-the-board-members\/#primaryimage"},"image":{"@id":"https:\/\/modra.si\/en\/about-us\/management-bodies\/about-the-board-members\/#primaryimage"},"thumbnailUrl":"https:\/\/modra.si\/wp-content\/uploads\/2024\/02\/Matej-Golob-Matzele-1.jpg","datePublished":"2024-02-01T16:08:02+00:00","dateModified":"2026-03-10T09:04:37+00:00","description":"Spoznajte \u010dlane uprave Modre zavarovalnice.","breadcrumb":{"@id":"https:\/\/modra.si\/en\/about-us\/management-bodies\/about-the-board-members\/#breadcrumb"},"inLanguage":"en-US","potentialAction":[{"@type":"ReadAction","target":["https:\/\/modra.si\/en\/about-us\/management-bodies\/about-the-board-members\/"]}]},{"@type":"ImageObject","inLanguage":"en-US","@id":"https:\/\/modra.si\/en\/about-us\/management-bodies\/about-the-board-members\/#primaryimage","url":"https:\/\/modra.si\/wp-content\/uploads\/2024\/02\/Matej-Golob-Matzele-1.jpg","contentUrl":"https:\/\/modra.si\/wp-content\/uploads\/2024\/02\/Matej-Golob-Matzele-1.jpg"},{"@type":"BreadcrumbList","@id":"https:\/\/modra.si\/en\/about-us\/management-bodies\/about-the-board-members\/#breadcrumb","itemListElement":[{"@type":"ListItem","position":1,"name":"Home","item":"https:\/\/modra.si\/en\/"},{"@type":"ListItem","position":2,"name":"About us","item":"https:\/\/modra.si\/en\/about-us\/"},{"@type":"ListItem","position":3,"name":"Management bodies","item":"https:\/\/modra.si\/en\/about-us\/management-bodies\/"},{"@type":"ListItem","position":4,"name":"About the board members"}]},{"@type":"WebSite","@id":"https:\/\/modra.si\/en\/#website","url":"https:\/\/modra.si\/en\/","name":"Modra zavarovalnica","description":"Dobrodo\u0161li!","potentialAction":[{"@type":"SearchAction","target":{"@type":"EntryPoint","urlTemplate":"https:\/\/modra.si\/en\/?s={search_term_string}"},"query-input":{"@type":"PropertyValueSpecification","valueRequired":true,"valueName":"search_term_string"}}],"inLanguage":"en-US"}]}},"_links":{"self":[{"href":"https:\/\/modra.si\/en\/wp-json\/wp\/v2\/pages\/9074","targetHints":{"allow":["GET"]}}],"collection":[{"href":"https:\/\/modra.si\/en\/wp-json\/wp\/v2\/pages"}],"about":[{"href":"https:\/\/modra.si\/en\/wp-json\/wp\/v2\/types\/page"}],"author":[{"embeddable":true,"href":"https:\/\/modra.si\/en\/wp-json\/wp\/v2\/users\/2"}],"replies":[{"embeddable":true,"href":"https:\/\/modra.si\/en\/wp-json\/wp\/v2\/comments?post=9074"}],"version-history":[{"count":1,"href":"https:\/\/modra.si\/en\/wp-json\/wp\/v2\/pages\/9074\/revisions"}],"predecessor-version":[{"id":10186,"href":"https:\/\/modra.si\/en\/wp-json\/wp\/v2\/pages\/9074\/revisions\/10186"}],"up":[{"embeddable":true,"href":"https:\/\/modra.si\/en\/wp-json\/wp\/v2\/pages\/9072"}],"wp:attachment":[{"href":"https:\/\/modra.si\/en\/wp-json\/wp\/v2\/media?parent=9074"}],"curies":[{"name":"wp","href":"https:\/\/api.w.org\/{rel}","templated":true}]}}