{"id":9077,"date":"2024-02-01T08:22:10","date_gmt":"2024-02-01T08:22:10","guid":{"rendered":"https:\/\/modra.si\/druzbena-odgovornost\/"},"modified":"2026-03-10T09:04:42","modified_gmt":"2026-03-10T09:04:42","slug":"social-responsibility","status":"publish","type":"page","link":"https:\/\/modra.si\/en\/social-responsibility\/","title":{"rendered":"Social responsibility"},"content":{"rendered":"\n<p class=\"wp-block-paragraph\">Dru\u017ebena odgovornost Modre zavarovalnice se ka\u017ee tako v odnosu do zaposlenih, delodajalcev in \u010dlanov\/zavarovancev kot tudi do \u0161ir\u0161e skupnosti. S svojim ravnanjem utrjujemo zaupanje, kar je \u0161e posebno pomembno v \u010dasu nestanovitnih razmer na trgu finan\u010dnih storitev.<\/p>\n\n\n\n<h3 class=\"wp-block-heading\">Odgovornost do \u0161ir\u0161e dru\u017ebene skupnosti<\/h3>\n\n\n\n<p class=\"wp-block-paragraph\">V Sloveniji v pokojninskih skladih za dodatno pokojnino var\u010duje 548 tiso\u010d zaposlenih, pri \u010demer za kar 96 odstotkov vklju\u010denih premije pla\u010duje njihov delodajalec. Spodbudno je, da so se delodajalci skupaj s predstavniki zaposlenih v takem obsegu odlo\u010dili, da svojim zaposlenim pla\u010dajo vsaj del premije dodatnega pokojninskega zavarovanja. Vendar gre po drugi strani tudi za la\u017eno utvaro zaposlenim, da bo to dovolj. V povpre\u010dju so pla\u010dila v pokojninski sklad prenizka in ve\u010dini ne bodo zagotovila zadostne dodatne pokojnine. Poleg tega ve\u010d kot tristo tiso\u010d zaposlenih za dodatno pokojnino (\u0161e) ne var\u010duje. Podalj\u0161evanje \u017eivljenjske dobe in zmanj\u0161evanje dele\u017ea delovno aktivnih zni\u017eujeta pri\u010dakovano pokojnino. Ve\u010dina Slovencev se teh napovedi \u017ee zaveda. A odgovornega ravnanja za lastno finan\u010dno varnost po upokojitvi je \u0161e vedno premalo.<\/p>\n\n\n\n<p class=\"wp-block-paragraph\">Ravno z odla\u0161anjem predvsem mladi izgubijo najve\u010d. Zamujeni \u010das morajo namre\u010d v kasnej\u0161ih letih nadomestiti z bistveno vi\u0161jimi mese\u010dnimi vpla\u010dili, da lahko privar\u010dujejo dovolj. Zato je treba na\u010drtno spreminjati var\u010devalne navade in ozavestiti potrebo, pa \u010deprav je ta \u0161e zelo oddaljena.<\/p>\n\n\n\n<p class=\"wp-block-paragraph\">Pomemben del aktivnosti usmerjamo v pove\u010devanje ozave\u0161\u010denosti o pomenu in potrebi var\u010devanja za \u010das po upokojitvi. Z namenom bolj\u0161ega poznavanja dodatnega pokojninskega zavarovanja in promocije var\u010devanja v skladih \u017eivljenjskega cikla organiziramo \u0161tevilne posvete ali se le-teh udele\u017eujemo, pripravljamo koristne informacije za objavo na spletnih straneh in v internih \u010dasopisih podjetij ter zagotavljamo strokovno pomo\u010d pri pripravi odgovorov zaposlenim. Kadrovske in ra\u010dunovodske slu\u017ebe izobra\u017eujemo o mo\u017enostih in prednostih var\u010devanja v dodatnem pokojninskem zavarovanju ter zaposlenim zagotavljamo izvedbo informativnih pisarn na sede\u017eih podjetij in javnih zavodov.<\/p>\n\n\n\n<p class=\"wp-block-paragraph\">Smo aktivna \u010dlanica Evropskega zdru\u017eenja pokojninskih ustanov javnega sektorja (EAPSPI), v katerega je vklju\u010denih 26 javnih pokojninskih institucij iz kar 16 evropskih dr\u017eav. \u010clan uprave Bo\u0161tjan Vovk deluje v odboru direktorjev zdru\u017eenja. Glavna namena zdru\u017eenja sta vzajemna pomo\u010d \u010dlanic in prenos znanja, izku\u0161enj in informacij o izvajanju pokojninskih na\u010drtov ter izku\u0161enj s podro\u010dja pokojninskih sistemov \u010dlanic zdru\u017eenja.<\/p>\n\n\n\n<h3 class=\"wp-block-heading\">Odgovornost do okolja<\/h3>\n\n\n\n<p class=\"wp-block-paragraph\">Podpiramo okoljsko naravnane dejavnosti in lo\u010dujemo odpadke, skrbimo za manj\u0161o porabo papirja, zbiramo odpadne, izrabljene kartu\u0161e za tiskalnike, plasti\u010dne zama\u0161ke ter se odzivamo na dobrodelne akcije. Vse zbrane plasti\u010dne zama\u0161ke smo v letu 2018 predali dru\u0161tvu Vesele nogice za pomo\u010d otrokom s cerebralno paralizo ali drugimi razvojnimi zaostanki. Tudi v letu 2018 smo podprli projekt \u00bbJaz, ti, mi za Slovenijo\u00ab, katerega cilj je ozave\u0161\u010danje mladih o pomenu zdravega okolja in odnosa do narave in recikliranja odpadnih materialov. Jeseni smo se pridru\u017eili akciji O\u010distimo Slovenijo \u0161e zadnji\u010d in po\u010distili pot na Vi\u0161evnik. Skozi vse leto smo se odzivali tudi na pro\u0161nje posameznih dru\u0161tev in organizacij, ki smo jim s pomo\u010djo promocijskega materiala pomagali pri izvedbi sre\u010delovov in obdarovanj. Najbolj pa smo veseli, da je Vrtec \u010crnomelj tudi s pomo\u010djo denarne donacije Modre po junijskem neurju s to\u010do hitro obnovil stari del otro\u0161kega vrtca \u010cardaki.<\/p>\n\n\n\n<h3 class=\"wp-block-heading\">Odgovornost do zaposlenih<\/h3>\n\n\n\n<p class=\"wp-block-paragraph\">Skrb za zaposlene, ustvarjanje pogojev za njihovo dobro po\u010dutje ter strokovni razvoj so temelj odgovornosti do zaposlenih.<\/p>\n\n\n\n<p class=\"wp-block-paragraph\">Z jasnimi usmeritvami, ciljnim vodenjem in motiviranjem ter vklju\u010devanjem zaposlenih v razli\u010dne projekte skrbimo za stimulativno delovno okolje. Vsako leto izvajamo raziskavo o zadovoljstvu zaposlenih in tako merimo napredek pri svojih prizadevanjih za ustvarjanje delovnega okolja, v katerem zaposleni lahko izra\u017eajo svoje potenciale. Povratne informacije nam pomagajo izbolj\u0161ati tudi kakovost odnosov in zadovoljstvo sodelavcev. Izvajamo letne osebne razgovore, namenjene postavljanju ciljev in oblikovanju razvojne poti zaposlenega. Dvakrat letno pa potekajo ocenjevalni razgovori, namenjeni oceni kvantitativnih in kvalitativnih ciljev in vedenj ter podajanju povratnih informacij o delovni uspe\u0161nosti. Zaposlene redno seznanjamo z aktualnim dogajanjem v zavarovalnici in novimi vsebinami ter spodbujamo dvosmerno komunikacijo z mese\u010dnimi sre\u010danji uprave z zaposlenimi.<\/p>\n\n\n\n<p class=\"wp-block-paragraph\">Zavedamo se tudi pomena skrbi za zdravje vseh zaposlenih. Z izvajanjem na\u010drta ukrepov promocije zdravja zaposlene spodbujamo k zdravemu \u017eivljenjskemu slogu in zmanj\u0161evanju tveganj za obolenja tako na delovnem mestu kot tudi v zasebnem \u017eivljenju. Zaposlenim omogo\u010damo tudi mo\u017enost cepljenja proti sezonski gripi in klopnemu meningoencefalitisu. Na internem portalu pa so na voljo informacije o aktualnih zdravstvenih vsebinah in koristni \u010dlanki o gibanju ter zdravi prehrani.<\/p>\n\n\n\n<p class=\"wp-block-paragraph\">Vsem zaposlenim pod enakimi pogoji zagotavljamo socialno varnost po upokojitvi. Z vpla\u010devanjem premije v sklad dodatnega pokojninskega zavarovanja skrbimo za dodaten dohodek, ki ga bodo zaposleni prejemali po upokojitvi.<\/p>\n\n\n<div class=\"wp-block-image\">\n<figure class=\"alignright size-full\"><img loading=\"lazy\" decoding=\"async\" width=\"100\" height=\"100\" src=\"https:\/\/modra.si\/wp-content\/uploads\/2024\/02\/DPP.png\" alt=\"\" class=\"wp-image-323\"\/><\/figure>\n<\/div>\n\n\n<p class=\"wp-block-paragraph\">Smo ponosni imetniki polnega certifikata dru\u017eini prijazno podjetje. Skrb za usklajevanje poklicnega in dru\u017einskega \u017eivljenja je postala del na\u0161e organizacijske kulture. Sledimo prepri\u010danju, da so zadovoljni zaposleni uspe\u0161nej\u0161i, \u010dutijo ve\u010djo pripadnost, zmanj\u0161uje se obremenjenost s stresom, kar vse pripomore k njihovemu bolj\u0161emu po\u010dutju kot tudi bolj\u0161im delovnim rezultatom.<\/p>\n","protected":false},"excerpt":{"rendered":"<p>Dru\u017ebena odgovornost Modre zavarovalnice se ka\u017ee tako v odnosu do zaposlenih, delodajalcev in \u010dlanov\/zavarovancev kot tudi do \u0161ir\u0161e skupnosti. S svojim ravnanjem utrjujemo zaupanje, kar je \u0161e posebno pomembno v \u010dasu nestanovitnih razmer na trgu finan\u010dnih storitev. Odgovornost do \u0161ir\u0161e dru\u017ebene skupnosti V Sloveniji v pokojninskih skladih za dodatno pokojnino var\u010duje 548 tiso\u010d zaposlenih, pri [&hellip;]<\/p>\n","protected":false},"author":1,"featured_media":0,"parent":0,"menu_order":0,"comment_status":"closed","ping_status":"closed","template":"","meta":{"_acf_changed":false,"_crdt_document":"","inline_featured_image":false,"footnotes":""},"class_list":["post-9077","page","type-page","status-publish","hentry"],"acf":[],"yoast_head":"<!-- This site is optimized with the Yoast SEO plugin v27.4 - https:\/\/yoast.com\/product\/yoast-seo-wordpress\/ -->\n<title>Social responsibility - Modra zavarovalnica<\/title>\n<meta name=\"description\" content=\"Dru\u017ebena odgovornost Modre zavarovalnice se ka\u017ee tako v odnosu do zaposlenih, delodajalcev in \u010dlanov\/zavarovancev kot tudi do \u0161ir\u0161e skupnosti.\" \/>\n<meta name=\"robots\" content=\"index, follow, max-snippet:-1, max-image-preview:large, max-video-preview:-1\" \/>\n<link rel=\"canonical\" href=\"https:\/\/modra.si\/en\/social-responsibility\/\" \/>\n<meta property=\"og:locale\" content=\"en_US\" \/>\n<meta property=\"og:type\" content=\"article\" \/>\n<meta property=\"og:title\" content=\"Social responsibility - Modra zavarovalnica\" \/>\n<meta property=\"og:description\" content=\"Dru\u017ebena odgovornost Modre zavarovalnice se ka\u017ee tako v odnosu do zaposlenih, delodajalcev in \u010dlanov\/zavarovancev kot tudi do \u0161ir\u0161e skupnosti.\" \/>\n<meta property=\"og:url\" content=\"https:\/\/modra.si\/en\/social-responsibility\/\" \/>\n<meta property=\"og:site_name\" content=\"Modra zavarovalnica\" \/>\n<meta property=\"article:modified_time\" content=\"2026-03-10T09:04:42+00:00\" \/>\n<meta property=\"og:image\" content=\"https:\/\/modra.si\/wp-content\/uploads\/2026\/02\/Novice.jpg\" \/>\n<meta name=\"twitter:card\" content=\"summary_large_image\" \/>\n<meta name=\"twitter:label1\" content=\"Est. reading time\" \/>\n\t<meta name=\"twitter:data1\" content=\"5 minutes\" \/>\n<script type=\"application\/ld+json\" class=\"yoast-schema-graph\">{\"@context\":\"https:\\\/\\\/schema.org\",\"@graph\":[{\"@type\":\"WebPage\",\"@id\":\"https:\\\/\\\/modra.si\\\/en\\\/social-responsibility\\\/\",\"url\":\"https:\\\/\\\/modra.si\\\/en\\\/social-responsibility\\\/\",\"name\":\"Social responsibility - Modra zavarovalnica\",\"isPartOf\":{\"@id\":\"https:\\\/\\\/modra.si\\\/en\\\/#website\"},\"primaryImageOfPage\":{\"@id\":\"https:\\\/\\\/modra.si\\\/en\\\/social-responsibility\\\/#primaryimage\"},\"image\":{\"@id\":\"https:\\\/\\\/modra.si\\\/en\\\/social-responsibility\\\/#primaryimage\"},\"thumbnailUrl\":\"https:\\\/\\\/modra.si\\\/wp-content\\\/uploads\\\/2024\\\/02\\\/DPP.png\",\"datePublished\":\"2024-02-01T08:22:10+00:00\",\"dateModified\":\"2026-03-10T09:04:42+00:00\",\"description\":\"Dru\u017ebena odgovornost Modre zavarovalnice se ka\u017ee tako v odnosu do zaposlenih, delodajalcev in \u010dlanov\\\/zavarovancev kot tudi do \u0161ir\u0161e skupnosti.\",\"breadcrumb\":{\"@id\":\"https:\\\/\\\/modra.si\\\/en\\\/social-responsibility\\\/#breadcrumb\"},\"inLanguage\":\"en-US\",\"potentialAction\":[{\"@type\":\"ReadAction\",\"target\":[\"https:\\\/\\\/modra.si\\\/en\\\/social-responsibility\\\/\"]}]},{\"@type\":\"ImageObject\",\"inLanguage\":\"en-US\",\"@id\":\"https:\\\/\\\/modra.si\\\/en\\\/social-responsibility\\\/#primaryimage\",\"url\":\"https:\\\/\\\/modra.si\\\/wp-content\\\/uploads\\\/2024\\\/02\\\/DPP.png\",\"contentUrl\":\"https:\\\/\\\/modra.si\\\/wp-content\\\/uploads\\\/2024\\\/02\\\/DPP.png\"},{\"@type\":\"BreadcrumbList\",\"@id\":\"https:\\\/\\\/modra.si\\\/en\\\/social-responsibility\\\/#breadcrumb\",\"itemListElement\":[{\"@type\":\"ListItem\",\"position\":1,\"name\":\"Home\",\"item\":\"https:\\\/\\\/modra.si\\\/en\\\/\"},{\"@type\":\"ListItem\",\"position\":2,\"name\":\"Social responsibility\"}]},{\"@type\":\"WebSite\",\"@id\":\"https:\\\/\\\/modra.si\\\/en\\\/#website\",\"url\":\"https:\\\/\\\/modra.si\\\/en\\\/\",\"name\":\"Modra zavarovalnica\",\"description\":\"Dobrodo\u0161li!\",\"potentialAction\":[{\"@type\":\"SearchAction\",\"target\":{\"@type\":\"EntryPoint\",\"urlTemplate\":\"https:\\\/\\\/modra.si\\\/en\\\/?s={search_term_string}\"},\"query-input\":{\"@type\":\"PropertyValueSpecification\",\"valueRequired\":true,\"valueName\":\"search_term_string\"}}],\"inLanguage\":\"en-US\"}]}<\/script>\n<!-- \/ Yoast SEO plugin. -->","yoast_head_json":{"title":"Social responsibility - Modra zavarovalnica","description":"Dru\u017ebena odgovornost Modre zavarovalnice se ka\u017ee tako v odnosu do zaposlenih, delodajalcev in \u010dlanov\/zavarovancev kot tudi do \u0161ir\u0161e skupnosti.","robots":{"index":"index","follow":"follow","max-snippet":"max-snippet:-1","max-image-preview":"max-image-preview:large","max-video-preview":"max-video-preview:-1"},"canonical":"https:\/\/modra.si\/en\/social-responsibility\/","og_locale":"en_US","og_type":"article","og_title":"Social responsibility - Modra zavarovalnica","og_description":"Dru\u017ebena odgovornost Modre zavarovalnice se ka\u017ee tako v odnosu do zaposlenih, delodajalcev in \u010dlanov\/zavarovancev kot tudi do \u0161ir\u0161e skupnosti.","og_url":"https:\/\/modra.si\/en\/social-responsibility\/","og_site_name":"Modra zavarovalnica","article_modified_time":"2026-03-10T09:04:42+00:00","og_image":[{"url":"https:\/\/modra.si\/wp-content\/uploads\/2026\/02\/Novice.jpg","type":"","width":"","height":""}],"twitter_card":"summary_large_image","twitter_misc":{"Est. reading time":"5 minutes"},"schema":{"@context":"https:\/\/schema.org","@graph":[{"@type":"WebPage","@id":"https:\/\/modra.si\/en\/social-responsibility\/","url":"https:\/\/modra.si\/en\/social-responsibility\/","name":"Social responsibility - Modra zavarovalnica","isPartOf":{"@id":"https:\/\/modra.si\/en\/#website"},"primaryImageOfPage":{"@id":"https:\/\/modra.si\/en\/social-responsibility\/#primaryimage"},"image":{"@id":"https:\/\/modra.si\/en\/social-responsibility\/#primaryimage"},"thumbnailUrl":"https:\/\/modra.si\/wp-content\/uploads\/2024\/02\/DPP.png","datePublished":"2024-02-01T08:22:10+00:00","dateModified":"2026-03-10T09:04:42+00:00","description":"Dru\u017ebena odgovornost Modre zavarovalnice se ka\u017ee tako v odnosu do zaposlenih, delodajalcev in \u010dlanov\/zavarovancev kot tudi do \u0161ir\u0161e skupnosti.","breadcrumb":{"@id":"https:\/\/modra.si\/en\/social-responsibility\/#breadcrumb"},"inLanguage":"en-US","potentialAction":[{"@type":"ReadAction","target":["https:\/\/modra.si\/en\/social-responsibility\/"]}]},{"@type":"ImageObject","inLanguage":"en-US","@id":"https:\/\/modra.si\/en\/social-responsibility\/#primaryimage","url":"https:\/\/modra.si\/wp-content\/uploads\/2024\/02\/DPP.png","contentUrl":"https:\/\/modra.si\/wp-content\/uploads\/2024\/02\/DPP.png"},{"@type":"BreadcrumbList","@id":"https:\/\/modra.si\/en\/social-responsibility\/#breadcrumb","itemListElement":[{"@type":"ListItem","position":1,"name":"Home","item":"https:\/\/modra.si\/en\/"},{"@type":"ListItem","position":2,"name":"Social responsibility"}]},{"@type":"WebSite","@id":"https:\/\/modra.si\/en\/#website","url":"https:\/\/modra.si\/en\/","name":"Modra zavarovalnica","description":"Dobrodo\u0161li!","potentialAction":[{"@type":"SearchAction","target":{"@type":"EntryPoint","urlTemplate":"https:\/\/modra.si\/en\/?s={search_term_string}"},"query-input":{"@type":"PropertyValueSpecification","valueRequired":true,"valueName":"search_term_string"}}],"inLanguage":"en-US"}]}},"_links":{"self":[{"href":"https:\/\/modra.si\/en\/wp-json\/wp\/v2\/pages\/9077","targetHints":{"allow":["GET"]}}],"collection":[{"href":"https:\/\/modra.si\/en\/wp-json\/wp\/v2\/pages"}],"about":[{"href":"https:\/\/modra.si\/en\/wp-json\/wp\/v2\/types\/page"}],"author":[{"embeddable":true,"href":"https:\/\/modra.si\/en\/wp-json\/wp\/v2\/users\/1"}],"replies":[{"embeddable":true,"href":"https:\/\/modra.si\/en\/wp-json\/wp\/v2\/comments?post=9077"}],"version-history":[{"count":1,"href":"https:\/\/modra.si\/en\/wp-json\/wp\/v2\/pages\/9077\/revisions"}],"predecessor-version":[{"id":10191,"href":"https:\/\/modra.si\/en\/wp-json\/wp\/v2\/pages\/9077\/revisions\/10191"}],"wp:attachment":[{"href":"https:\/\/modra.si\/en\/wp-json\/wp\/v2\/media?parent=9077"}],"curies":[{"name":"wp","href":"https:\/\/api.w.org\/{rel}","templated":true}]}}